{"id":1992,"date":"2021-04-22T10:17:48","date_gmt":"2021-04-22T08:17:48","guid":{"rendered":"https:\/\/b2b.pakery.pl\/?post_type=product&#038;p=1992"},"modified":"2025-03-14T09:49:17","modified_gmt":"2025-03-14T08:49:17","slug":"kalamitka-plaska-do-suspensji-cementowych","status":"publish","type":"product","link":"https:\/\/b2b.pakery.pl\/pl\/produkt\/kalamitka-plaska-do-suspensji-cementowych\/","title":{"rendered":"Kalamitka p\u0142aska"},"content":{"rendered":"\t\t<div data-elementor-type=\"product-post\" data-elementor-id=\"1992\" class=\"elementor elementor-1992\" data-elementor-post-type=\"product\">\n\t\t\t\t\t\t<section class=\"elementor-section elementor-top-section elementor-element elementor-element-bbe259b elementor-section-full_width elementor-section-height-default elementor-section-height-default\" data-id=\"bbe259b\" data-element_type=\"section\" data-e-type=\"section\">\n\t\t\t\t\t\t<div class=\"elementor-container elementor-column-gap-default\">\n\t\t\t\t\t<div class=\"elementor-column elementor-col-50 elementor-top-column elementor-element elementor-element-0ff230c\" data-id=\"0ff230c\" data-element_type=\"column\" data-e-type=\"column\">\n\t\t\t<div class=\"elementor-widget-wrap elementor-element-populated\">\n\t\t\t\t\t\t<div class=\"elementor-element elementor-element-353802d elementor-widget elementor-widget-text-editor\" data-id=\"353802d\" data-element_type=\"widget\" data-e-type=\"widget\" data-widget_type=\"text-editor.default\">\n\t\t\t\t<div class=\"elementor-widget-container\">\n\t\t\t\t\t\t\t\t\t<hr>\n<p><span style=\"color: #000000;\">Kalamitka p\u0142aska o gwincie 1\/4&#8242; o du\u017cym przep\u0142ywie dostosowanym <strong>do lanc iniekcyjnych oraz paker\u00f3w PI-CEM 18\/110, PI-CEM 14\/110.<\/strong><\/span><\/p>\n<p><span style=\"caret-color: rgb(0, 0, 0); color: rgb(0, 0, 0);\">Specjalistyczna kalamitka p\u0142aska M10x1<\/span><span style=\"caret-color: rgb(0, 0, 0); color: rgb(0, 0, 0);\">, spr\u0119\u017cynka zaworowa zamkni\u0119ta w korpusie. Pasuje do pakera<\/span><span style=\"caret-color: rgb(0, 0, 0); color: rgb(0, 0, 0);\">&nbsp;<b>PI-JG 18\/150<\/b><\/span><span style=\"caret-color: rgb(0, 0, 0); color: rgb(0, 0, 0);\">&nbsp;z przy\u0142\u0105czeniem pod lance do iniekcji.<\/span><br><\/p>\t\t\t\t\t\t\t\t<\/div>\n\t\t\t\t<\/div>\n\t\t\t\t\t<\/div>\n\t\t<\/div>\n\t\t\t\t<div class=\"elementor-column elementor-col-50 elementor-top-column elementor-element elementor-element-1f71719\" data-id=\"1f71719\" data-element_type=\"column\" data-e-type=\"column\">\n\t\t\t<div class=\"elementor-widget-wrap elementor-element-populated\">\n\t\t\t\t\t\t<div class=\"elementor-element elementor-element-c8cea89 elementor-widget elementor-widget-image\" data-id=\"c8cea89\" data-element_type=\"widget\" data-e-type=\"widget\" data-widget_type=\"image.default\">\n\t\t\t\t<div class=\"elementor-widget-container\">\n\t\t\t\t\t\t\t\t\t\t\t\t\t\t\t<img fetchpriority=\"high\" decoding=\"async\" width=\"300\" height=\"300\" src=\"https:\/\/b2b.pakery.pl\/wp-content\/uploads\/2021\/05\/plastik-lanca-kalamitka-300x300.png\" class=\"attachment-medium size-medium wp-image-4282\" alt=\"\" srcset=\"https:\/\/b2b.pakery.pl\/wp-content\/uploads\/2021\/05\/plastik-lanca-kalamitka-300x300.png 300w, https:\/\/b2b.pakery.pl\/wp-content\/uploads\/2021\/05\/plastik-lanca-kalamitka-1024x1024.png 1024w, https:\/\/b2b.pakery.pl\/wp-content\/uploads\/2021\/05\/plastik-lanca-kalamitka-150x150.png 150w, https:\/\/b2b.pakery.pl\/wp-content\/uploads\/2021\/05\/plastik-lanca-kalamitka-768x768.png 768w, https:\/\/b2b.pakery.pl\/wp-content\/uploads\/2021\/05\/plastik-lanca-kalamitka-1536x1536.png 1536w, https:\/\/b2b.pakery.pl\/wp-content\/uploads\/2021\/05\/plastik-lanca-kalamitka-2048x2048.png 2048w, https:\/\/b2b.pakery.pl\/wp-content\/uploads\/2021\/05\/plastik-lanca-kalamitka-683x683.png 683w, https:\/\/b2b.pakery.pl\/wp-content\/uploads\/2021\/05\/plastik-lanca-kalamitka-602x602.png 602w, https:\/\/b2b.pakery.pl\/wp-content\/uploads\/2021\/05\/plastik-lanca-kalamitka-110x110.png 110w\" sizes=\"(max-width: 300px) 100vw, 300px\" \/>\t\t\t\t\t\t\t\t\t\t\t\t\t\t\t<\/div>\n\t\t\t\t<\/div>\n\t\t\t\t\t<\/div>\n\t\t<\/div>\n\t\t\t\t\t<\/div>\n\t\t<\/section>\n\t\t\t\t<section class=\"elementor-section elementor-top-section elementor-element elementor-element-3013643 elementor-section-full_width elementor-section-height-default elementor-section-height-default\" data-id=\"3013643\" data-element_type=\"section\" data-e-type=\"section\">\n\t\t\t\t\t\t<div class=\"elementor-container elementor-column-gap-default\">\n\t\t\t\t\t<div class=\"elementor-column elementor-col-100 elementor-top-column elementor-element elementor-element-116259f\" data-id=\"116259f\" data-element_type=\"column\" data-e-type=\"column\">\n\t\t\t<div class=\"elementor-widget-wrap elementor-element-populated\">\n\t\t\t\t\t\t<div class=\"elementor-element elementor-element-bded2b2 elementor-widget elementor-widget-image\" data-id=\"bded2b2\" data-element_type=\"widget\" data-e-type=\"widget\" data-widget_type=\"image.default\">\n\t\t\t\t<div class=\"elementor-widget-container\">\n\t\t\t\t\t\t\t\t\t\t\t\t\t\t\t<img decoding=\"async\" width=\"3508\" height=\"1299\" src=\"https:\/\/b2b.pakery.pl\/wp-content\/uploads\/2021\/04\/NG-F-1_4.png\" class=\"attachment-full size-full wp-image-39790\" alt=\"\" srcset=\"https:\/\/b2b.pakery.pl\/wp-content\/uploads\/2021\/04\/NG-F-1_4.png 3508w, https:\/\/b2b.pakery.pl\/wp-content\/uploads\/2021\/04\/NG-F-1_4-300x111.png 300w, https:\/\/b2b.pakery.pl\/wp-content\/uploads\/2021\/04\/NG-F-1_4-1024x379.png 1024w, https:\/\/b2b.pakery.pl\/wp-content\/uploads\/2021\/04\/NG-F-1_4-768x284.png 768w, https:\/\/b2b.pakery.pl\/wp-content\/uploads\/2021\/04\/NG-F-1_4-1536x569.png 1536w, https:\/\/b2b.pakery.pl\/wp-content\/uploads\/2021\/04\/NG-F-1_4-2048x758.png 2048w, https:\/\/b2b.pakery.pl\/wp-content\/uploads\/2021\/04\/NG-F-1_4-683x253.png 683w, https:\/\/b2b.pakery.pl\/wp-content\/uploads\/2021\/04\/NG-F-1_4-602x223.png 602w\" sizes=\"(max-width: 3508px) 100vw, 3508px\" \/>\t\t\t\t\t\t\t\t\t\t\t\t\t\t\t<\/div>\n\t\t\t\t<\/div>\n\t\t\t\t\t<\/div>\n\t\t<\/div>\n\t\t\t\t\t<\/div>\n\t\t<\/section>\n\t\t\t\t<\/div>\n\t\t","protected":false},"excerpt":{"rendered":"<p>Kalamitka p\u0142aska o gwincie 1\/4&#8242; o du\u017cym przep\u0142ywie dostosowanym do lanc iniekcyjnych oraz paker\u00f3w PI-CEM 18\/110, PI-CEM 14\/110. Specjalistyczna kalamitka p\u0142aska M10x1, spr\u0119\u017cynka zaworowa zamkni\u0119ta w korpusie. Pasuje do pakera\u00a0PI-JG 18\/150\u00a0z przy\u0142\u0105czeniem pod lance do iniekcji.<\/p>\n","protected":false},"featured_media":39541,"template":"","meta":{"_acf_changed":false},"product_brand":[],"product_cat":[1842,81,33,29],"product_tag":[1778],"class_list":{"0":"post-1992","1":"product","2":"type-product","3":"status-publish","4":"has-post-thumbnail","6":"product_cat-lance-iniekcyjne-jg-system-213","7":"product_cat-pakery-do-cementu","8":"product_cat-akcesoria-iniekcyjne","9":"product_cat-lance-iniekcyjne-jg-system-13","10":"product_tag-pakery-iniekcyjne","11":"pa_akcesoria-pakerowe-117","13":"first","14":"instock","15":"taxable","16":"shipping-taxable","17":"purchasable","18":"product-type-variable"},"acf":[],"yoast_head":"<!-- This site is optimized with the Yoast SEO plugin v24.8.1 - https:\/\/yoast.com\/wordpress\/plugins\/seo\/ -->\n<title>Kalamitka p\u0142aska do suspensji cementowych - PAKERY.PL<\/title>\n<meta name=\"description\" content=\"Przy u\u017cyciu kalamitki p\u0142askiej zyskujemy wygod\u0119 iniekcji, nie ma konieczno\u015bci podtrzymywania nasady jak w przypadku kalamitki sto\u017ckowej.\" \/>\n<meta name=\"robots\" content=\"index, follow, max-snippet:-1, max-image-preview:large, max-video-preview:-1\" \/>\n<link rel=\"canonical\" href=\"https:\/\/b2b.pakery.pl\/pl\/produkt\/kalamitka-plaska-do-suspensji-cementowych\/\" \/>\n<meta property=\"og:locale\" content=\"pl_PL\" \/>\n<meta property=\"og:type\" content=\"article\" \/>\n<meta property=\"og:title\" content=\"Kalamitka p\u0142aska do suspensji cementowych - PAKERY.PL\" \/>\n<meta property=\"og:description\" content=\"Przy u\u017cyciu kalamitki p\u0142askiej zyskujemy wygod\u0119 iniekcji, nie ma konieczno\u015bci podtrzymywania nasady jak w przypadku kalamitki sto\u017ckowej.\" \/>\n<meta property=\"og:url\" content=\"https:\/\/b2b.pakery.pl\/pl\/produkt\/kalamitka-plaska-do-suspensji-cementowych\/\" \/>\n<meta property=\"og:site_name\" content=\"PAKERY.PL\" \/>\n<meta property=\"article:modified_time\" content=\"2025-03-14T08:49:17+00:00\" \/>\n<meta property=\"og:image\" content=\"https:\/\/b2b.pakery.pl\/wp-content\/uploads\/2021\/04\/kalamitka-plaska-do-cementu-602x593-1.png\" \/>\n\t<meta property=\"og:image:width\" content=\"602\" \/>\n\t<meta property=\"og:image:height\" content=\"593\" \/>\n\t<meta property=\"og:image:type\" content=\"image\/png\" \/>\n<meta name=\"twitter:card\" content=\"summary_large_image\" \/>\n<script type=\"application\/ld+json\" class=\"yoast-schema-graph\">{\"@context\":\"https:\/\/schema.org\",\"@graph\":[{\"@type\":\"WebPage\",\"@id\":\"https:\/\/b2b.pakery.pl\/pl\/produkt\/kalamitka-plaska-do-suspensji-cementowych\/\",\"url\":\"https:\/\/b2b.pakery.pl\/pl\/produkt\/kalamitka-plaska-do-suspensji-cementowych\/\",\"name\":\"Kalamitka p\u0142aska do suspensji cementowych - PAKERY.PL\",\"isPartOf\":{\"@id\":\"https:\/\/b2b.pakery.pl\/pl\/#website\"},\"primaryImageOfPage\":{\"@id\":\"https:\/\/b2b.pakery.pl\/pl\/produkt\/kalamitka-plaska-do-suspensji-cementowych\/#primaryimage\"},\"image\":{\"@id\":\"https:\/\/b2b.pakery.pl\/pl\/produkt\/kalamitka-plaska-do-suspensji-cementowych\/#primaryimage\"},\"thumbnailUrl\":\"https:\/\/b2b.pakery.pl\/wp-content\/uploads\/2021\/04\/kalamitka-plaska-do-cementu-602x593-1.png\",\"datePublished\":\"2021-04-22T08:17:48+00:00\",\"dateModified\":\"2025-03-14T08:49:17+00:00\",\"description\":\"Przy u\u017cyciu kalamitki p\u0142askiej zyskujemy wygod\u0119 iniekcji, nie ma konieczno\u015bci podtrzymywania nasady jak w przypadku kalamitki sto\u017ckowej.\",\"breadcrumb\":{\"@id\":\"https:\/\/b2b.pakery.pl\/pl\/produkt\/kalamitka-plaska-do-suspensji-cementowych\/#breadcrumb\"},\"inLanguage\":\"pl-PL\",\"potentialAction\":[{\"@type\":\"ReadAction\",\"target\":[\"https:\/\/b2b.pakery.pl\/pl\/produkt\/kalamitka-plaska-do-suspensji-cementowych\/\"]}]},{\"@type\":\"ImageObject\",\"inLanguage\":\"pl-PL\",\"@id\":\"https:\/\/b2b.pakery.pl\/pl\/produkt\/kalamitka-plaska-do-suspensji-cementowych\/#primaryimage\",\"url\":\"https:\/\/b2b.pakery.pl\/wp-content\/uploads\/2021\/04\/kalamitka-plaska-do-cementu-602x593-1.png\",\"contentUrl\":\"https:\/\/b2b.pakery.pl\/wp-content\/uploads\/2021\/04\/kalamitka-plaska-do-cementu-602x593-1.png\",\"width\":602,\"height\":593},{\"@type\":\"BreadcrumbList\",\"@id\":\"https:\/\/b2b.pakery.pl\/pl\/produkt\/kalamitka-plaska-do-suspensji-cementowych\/#breadcrumb\",\"itemListElement\":[{\"@type\":\"ListItem\",\"position\":1,\"name\":\"Strona g\u0142\u00f3wna\",\"item\":\"https:\/\/b2b.pakery.pl\/pl\/strona-glowna\/\"},{\"@type\":\"ListItem\",\"position\":2,\"name\":\"Sklep\",\"item\":\"https:\/\/b2b.pakery.pl\/pl\/sklep\/\"},{\"@type\":\"ListItem\",\"position\":3,\"name\":\"Kalamitka p\u0142aska\"}]},{\"@type\":\"WebSite\",\"@id\":\"https:\/\/b2b.pakery.pl\/pl\/#website\",\"url\":\"https:\/\/b2b.pakery.pl\/pl\/\",\"name\":\"Pakery.pl\",\"description\":\"Injection Packers, Spiral Anchors, Injection Lances, Injection Hoses, Injection Pumps, Injection Pump Service, Injection Pump Rental\",\"publisher\":{\"@id\":\"https:\/\/b2b.pakery.pl\/pl\/#organization\"},\"potentialAction\":[{\"@type\":\"SearchAction\",\"target\":{\"@type\":\"EntryPoint\",\"urlTemplate\":\"https:\/\/b2b.pakery.pl\/pl\/?s={search_term_string}\"},\"query-input\":{\"@type\":\"PropertyValueSpecification\",\"valueRequired\":true,\"valueName\":\"search_term_string\"}}],\"inLanguage\":\"pl-PL\"},{\"@type\":\"Organization\",\"@id\":\"https:\/\/b2b.pakery.pl\/pl\/#organization\",\"name\":\"PAKERY.PL\",\"url\":\"https:\/\/b2b.pakery.pl\/pl\/\",\"logo\":{\"@type\":\"ImageObject\",\"inLanguage\":\"pl-PL\",\"@id\":\"https:\/\/b2b.pakery.pl\/pl\/#\/schema\/logo\/image\/\",\"url\":\"https:\/\/b2b.pakery.pl\/wp-content\/uploads\/2021\/04\/cropped-PAKERY-LOGO.png\",\"contentUrl\":\"https:\/\/b2b.pakery.pl\/wp-content\/uploads\/2021\/04\/cropped-PAKERY-LOGO.png\",\"width\":1529,\"height\":500,\"caption\":\"PAKERY.PL\"},\"image\":{\"@id\":\"https:\/\/b2b.pakery.pl\/pl\/#\/schema\/logo\/image\/\"}}]}<\/script>\n<!-- \/ Yoast SEO plugin. -->","yoast_head_json":{"title":"Kalamitka p\u0142aska do suspensji cementowych - PAKERY.PL","description":"Przy u\u017cyciu kalamitki p\u0142askiej zyskujemy wygod\u0119 iniekcji, nie ma konieczno\u015bci podtrzymywania nasady jak w przypadku kalamitki sto\u017ckowej.","robots":{"index":"index","follow":"follow","max-snippet":"max-snippet:-1","max-image-preview":"max-image-preview:large","max-video-preview":"max-video-preview:-1"},"canonical":"https:\/\/b2b.pakery.pl\/pl\/produkt\/kalamitka-plaska-do-suspensji-cementowych\/","og_locale":"pl_PL","og_type":"article","og_title":"Kalamitka p\u0142aska do suspensji cementowych - PAKERY.PL","og_description":"Przy u\u017cyciu kalamitki p\u0142askiej zyskujemy wygod\u0119 iniekcji, nie ma konieczno\u015bci podtrzymywania nasady jak w przypadku kalamitki sto\u017ckowej.","og_url":"https:\/\/b2b.pakery.pl\/pl\/produkt\/kalamitka-plaska-do-suspensji-cementowych\/","og_site_name":"PAKERY.PL","article_modified_time":"2025-03-14T08:49:17+00:00","og_image":[{"width":602,"height":593,"url":"https:\/\/b2b.pakery.pl\/wp-content\/uploads\/2021\/04\/kalamitka-plaska-do-cementu-602x593-1.png","type":"image\/png"}],"twitter_card":"summary_large_image","schema":{"@context":"https:\/\/schema.org","@graph":[{"@type":"WebPage","@id":"https:\/\/b2b.pakery.pl\/pl\/produkt\/kalamitka-plaska-do-suspensji-cementowych\/","url":"https:\/\/b2b.pakery.pl\/pl\/produkt\/kalamitka-plaska-do-suspensji-cementowych\/","name":"Kalamitka p\u0142aska do suspensji cementowych - PAKERY.PL","isPartOf":{"@id":"https:\/\/b2b.pakery.pl\/pl\/#website"},"primaryImageOfPage":{"@id":"https:\/\/b2b.pakery.pl\/pl\/produkt\/kalamitka-plaska-do-suspensji-cementowych\/#primaryimage"},"image":{"@id":"https:\/\/b2b.pakery.pl\/pl\/produkt\/kalamitka-plaska-do-suspensji-cementowych\/#primaryimage"},"thumbnailUrl":"https:\/\/b2b.pakery.pl\/wp-content\/uploads\/2021\/04\/kalamitka-plaska-do-cementu-602x593-1.png","datePublished":"2021-04-22T08:17:48+00:00","dateModified":"2025-03-14T08:49:17+00:00","description":"Przy u\u017cyciu kalamitki p\u0142askiej zyskujemy wygod\u0119 iniekcji, nie ma konieczno\u015bci podtrzymywania nasady jak w przypadku kalamitki sto\u017ckowej.","breadcrumb":{"@id":"https:\/\/b2b.pakery.pl\/pl\/produkt\/kalamitka-plaska-do-suspensji-cementowych\/#breadcrumb"},"inLanguage":"pl-PL","potentialAction":[{"@type":"ReadAction","target":["https:\/\/b2b.pakery.pl\/pl\/produkt\/kalamitka-plaska-do-suspensji-cementowych\/"]}]},{"@type":"ImageObject","inLanguage":"pl-PL","@id":"https:\/\/b2b.pakery.pl\/pl\/produkt\/kalamitka-plaska-do-suspensji-cementowych\/#primaryimage","url":"https:\/\/b2b.pakery.pl\/wp-content\/uploads\/2021\/04\/kalamitka-plaska-do-cementu-602x593-1.png","contentUrl":"https:\/\/b2b.pakery.pl\/wp-content\/uploads\/2021\/04\/kalamitka-plaska-do-cementu-602x593-1.png","width":602,"height":593},{"@type":"BreadcrumbList","@id":"https:\/\/b2b.pakery.pl\/pl\/produkt\/kalamitka-plaska-do-suspensji-cementowych\/#breadcrumb","itemListElement":[{"@type":"ListItem","position":1,"name":"Strona g\u0142\u00f3wna","item":"https:\/\/b2b.pakery.pl\/pl\/strona-glowna\/"},{"@type":"ListItem","position":2,"name":"Sklep","item":"https:\/\/b2b.pakery.pl\/pl\/sklep\/"},{"@type":"ListItem","position":3,"name":"Kalamitka p\u0142aska"}]},{"@type":"WebSite","@id":"https:\/\/b2b.pakery.pl\/pl\/#website","url":"https:\/\/b2b.pakery.pl\/pl\/","name":"Pakery.pl","description":"Injection Packers, Spiral Anchors, Injection Lances, Injection Hoses, Injection Pumps, Injection Pump Service, Injection Pump Rental","publisher":{"@id":"https:\/\/b2b.pakery.pl\/pl\/#organization"},"potentialAction":[{"@type":"SearchAction","target":{"@type":"EntryPoint","urlTemplate":"https:\/\/b2b.pakery.pl\/pl\/?s={search_term_string}"},"query-input":{"@type":"PropertyValueSpecification","valueRequired":true,"valueName":"search_term_string"}}],"inLanguage":"pl-PL"},{"@type":"Organization","@id":"https:\/\/b2b.pakery.pl\/pl\/#organization","name":"PAKERY.PL","url":"https:\/\/b2b.pakery.pl\/pl\/","logo":{"@type":"ImageObject","inLanguage":"pl-PL","@id":"https:\/\/b2b.pakery.pl\/pl\/#\/schema\/logo\/image\/","url":"https:\/\/b2b.pakery.pl\/wp-content\/uploads\/2021\/04\/cropped-PAKERY-LOGO.png","contentUrl":"https:\/\/b2b.pakery.pl\/wp-content\/uploads\/2021\/04\/cropped-PAKERY-LOGO.png","width":1529,"height":500,"caption":"PAKERY.PL"},"image":{"@id":"https:\/\/b2b.pakery.pl\/pl\/#\/schema\/logo\/image\/"}}]}},"tiered_pricing_type":"fixed","tiered_pricing_fixed_rules":[],"tiered_pricing_product_settings":{"layout":"default","base_unit_name":{"singular":null,"plural":null},"default_variation":null},"tiered_pricing_minimum_quantity":null,"tiered_pricing_roles_data":[],"tiered_pricing_percentage_rules":[],"tiered_pricing_maximum_quantity":null,"tiered_pricing_quantity_step":null,"_links":{"self":[{"href":"https:\/\/b2b.pakery.pl\/pl\/wp-json\/wp\/v2\/product\/1992","targetHints":{"allow":["GET"]}}],"collection":[{"href":"https:\/\/b2b.pakery.pl\/pl\/wp-json\/wp\/v2\/product"}],"about":[{"href":"https:\/\/b2b.pakery.pl\/pl\/wp-json\/wp\/v2\/types\/product"}],"version-history":[{"count":27,"href":"https:\/\/b2b.pakery.pl\/pl\/wp-json\/wp\/v2\/product\/1992\/revisions"}],"predecessor-version":[{"id":43733,"href":"https:\/\/b2b.pakery.pl\/pl\/wp-json\/wp\/v2\/product\/1992\/revisions\/43733"}],"wp:featuredmedia":[{"embeddable":true,"href":"https:\/\/b2b.pakery.pl\/pl\/wp-json\/wp\/v2\/media\/39541"}],"wp:attachment":[{"href":"https:\/\/b2b.pakery.pl\/pl\/wp-json\/wp\/v2\/media?parent=1992"}],"wp:term":[{"taxonomy":"product_brand","embeddable":true,"href":"https:\/\/b2b.pakery.pl\/pl\/wp-json\/wp\/v2\/product_brand?post=1992"},{"taxonomy":"product_cat","embeddable":true,"href":"https:\/\/b2b.pakery.pl\/pl\/wp-json\/wp\/v2\/product_cat?post=1992"},{"taxonomy":"product_tag","embeddable":true,"href":"https:\/\/b2b.pakery.pl\/pl\/wp-json\/wp\/v2\/product_tag?post=1992"}],"curies":[{"name":"wp","href":"https:\/\/api.w.org\/{rel}","templated":true}]}}